{"id":3827,"date":"2025-04-15T10:20:07","date_gmt":"2025-04-15T10:20:07","guid":{"rendered":"https:\/\/bfsmwork.demoserver-obskura.eu\/?post_type=termine&#038;p=3827"},"modified":"2026-03-03T19:03:52","modified_gmt":"2026-03-03T19:03:52","slug":"wiener-versicherungstage","status":"publish","type":"termine","link":"https:\/\/bfsm.eu\/du\/termine\/wiener-versicherungstage\/","title":{"rendered":"WIENER VERSICHERUNGSTAGE"},"content":{"rendered":"<h2 class=\"wp-block-heading\">Wiener Versicherungstage 2026. Wissen tanken, Kontakte kn\u00fcpfen.<\/h2>\n\n\n\n<p>Du besch\u00e4ftigst dich mit der Aufkl\u00e4rung oder Vermeidung von Versicherungsmissbrauch oder -betrug? Dann solltest du die <strong>Wiener Versicherungstage 2026 <\/strong>nicht verpassen! Seit 2008 bringt unsere beliebte Seminarreihe Fachleute aus unterschiedlichsten Bereichen zusammen \u2013 zum Lernen, Austauschen und Netzwerken.<\/p>\n\n\n\n<h2 class=\"wp-block-heading\">Save the Date: Donnerstag 10.09. &amp; Freitag 11.09.2026 in Wien<\/h2>\n\n\n\n<p>In diesem Jahr gehen die Wiener Versicherungstage bereits in die <strong>17. Runde<\/strong> \u2013 und zwar am <strong>10. und 11. September 2026<\/strong> im stilvollen <em><strong>DoubleTree by Hilton Vienna Sch\u00f6nbrunn, Schlossallee 8, 1140 Wien.<\/strong><\/em><\/p>\n\n\n\n<p>Zwei Tage voller spannender Vortr\u00e4ge, praxisnaher Einblicke und inspirierender Gespr\u00e4che erwarten dich.<\/p>\n\n\n\n<h2 class=\"wp-block-heading\">Top-Expert*innen teilen ihr Wissen<\/h2>\n\n\n\n<p>Freu dich auf ein abwechslungsreiches Programm mit Vortragenden aus verschiedensten Fachgebieten. Hier bekommst du fundiertes Wissen direkt aus der Praxis \u2013 speziell f\u00fcr alle, die sich mit <strong>Versicherungsbetrug und -missbrauch<\/strong> befassen.<\/p>\n\n\n\n<h2 class=\"wp-block-heading\">Weiterbildung trifft Networking<\/h2>\n\n\n\n<p>Neben fachlichem Input bieten die Wiener Versicherungstage jede Menge Raum f\u00fcr Austausch: Kn\u00fcpf neue Kontakte, erweitere dein berufliches Netzwerk und tausche dich in anregender Atmosph\u00e4re mit Kolleg*innen und Expert*innen aus.<\/p>\n\n\n\n<h2 class=\"wp-block-heading\">Wir freuen uns auf dich!<\/h2>\n\n\n\n<p>Sei dabei, wenn es wieder hei\u00dft: <strong>Wissen trifft Praxis, Fachsimpeln trifft Networking \u2013 bei den Wiener Versicherungstagen 2026.<\/strong><\/p>\n\n\n\n<p>Jetzt Termin eintragen \u2013 wir freuen uns, dich pers\u00f6nlich begr\u00fc\u00dfen zu d\u00fcrfen!<\/p>","protected":false},"excerpt":{"rendered":"<p>Wiener Versicherungstage 2026. Wissen tanken, Kontakte kn\u00fcpfen. Sie besch\u00e4ftigen sich mit der Aufkl\u00e4rung oder Vermeidung von Versicherungsmissbrauch oder -betrug? Dann sollten Sie die Wiener Versicherungstage 2026 nicht verpassen! Seit 2008 bringt unsere beliebte Seminarreihe Fachleute aus unterschiedlichsten Bereichen zusammen \u2013 zum Lernen, Austauschen und Netzwerken. Save the Date: Donnerstag 10.09. &amp; Freitag 11.09.2026 in Wien [&hellip;]<\/p>\n","protected":false},"featured_media":2238,"template":"","meta":{"_acf_changed":false},"class_list":["post-3827","termine","type-termine","status-publish","has-post-thumbnail","hentry"],"acf":[],"yoast_head":"<!-- This site is optimized with the Yoast SEO plugin v27.5 - https:\/\/yoast.com\/product\/yoast-seo-wordpress\/ -->\n<title>WIENER VERSICHERUNGSTAGE - BFSM<\/title>\n<meta name=\"robots\" content=\"index, follow, max-snippet:-1, max-image-preview:large, max-video-preview:-1\" \/>\n<link rel=\"canonical\" href=\"https:\/\/bfsm.eu\/du\/termine\/wiener-versicherungstage\/\" \/>\n<meta property=\"og:locale\" content=\"de_DE\" \/>\n<meta property=\"og:type\" content=\"article\" \/>\n<meta property=\"og:title\" content=\"WIENER VERSICHERUNGSTAGE - BFSM\" \/>\n<meta property=\"og:description\" content=\"Wiener Versicherungstage 2026. Wissen tanken, Kontakte kn\u00fcpfen. Sie besch\u00e4ftigen sich mit der Aufkl\u00e4rung oder Vermeidung von Versicherungsmissbrauch oder -betrug? Dann sollten Sie die Wiener Versicherungstage 2026 nicht verpassen! Seit 2008 bringt unsere beliebte Seminarreihe Fachleute aus unterschiedlichsten Bereichen zusammen \u2013 zum Lernen, Austauschen und Netzwerken. Save the Date: Donnerstag 10.09. &amp; Freitag 11.09.2026 in Wien [&hellip;]\" \/>\n<meta property=\"og:url\" content=\"https:\/\/bfsm.eu\/du\/termine\/wiener-versicherungstage\/\" \/>\n<meta property=\"og:site_name\" content=\"BFSM\" \/>\n<meta property=\"article:modified_time\" content=\"2026-03-03T19:03:52+00:00\" \/>\n<meta property=\"og:image\" content=\"https:\/\/bfsm.eu\/wp-content\/uploads\/2023\/10\/5de9a658cc4a8.jpg\" \/>\n\t<meta property=\"og:image:width\" content=\"343\" \/>\n\t<meta property=\"og:image:height\" content=\"343\" \/>\n\t<meta property=\"og:image:type\" content=\"image\/jpeg\" \/>\n<meta name=\"twitter:card\" content=\"summary_large_image\" \/>\n<meta name=\"twitter:label1\" content=\"Est. reading time\" \/>\n\t<meta name=\"twitter:data1\" content=\"2 Minuten\" \/>\n<!-- \/ Yoast SEO plugin. -->","yoast_head_json":{"title":"WIENER VERSICHERUNGSTAGE - BFSM","robots":{"index":"index","follow":"follow","max-snippet":"max-snippet:-1","max-image-preview":"max-image-preview:large","max-video-preview":"max-video-preview:-1"},"canonical":"https:\/\/bfsm.eu\/du\/termine\/wiener-versicherungstage\/","og_locale":"de_DE","og_type":"article","og_title":"WIENER VERSICHERUNGSTAGE - BFSM","og_description":"Wiener Versicherungstage 2026. Wissen tanken, Kontakte kn\u00fcpfen. Sie besch\u00e4ftigen sich mit der Aufkl\u00e4rung oder Vermeidung von Versicherungsmissbrauch oder -betrug? Dann sollten Sie die Wiener Versicherungstage 2026 nicht verpassen! Seit 2008 bringt unsere beliebte Seminarreihe Fachleute aus unterschiedlichsten Bereichen zusammen \u2013 zum Lernen, Austauschen und Netzwerken. Save the Date: Donnerstag 10.09. &amp; Freitag 11.09.2026 in Wien [&hellip;]","og_url":"https:\/\/bfsm.eu\/du\/termine\/wiener-versicherungstage\/","og_site_name":"BFSM","article_modified_time":"2026-03-03T19:03:52+00:00","og_image":[{"width":343,"height":343,"url":"https:\/\/bfsm.eu\/wp-content\/uploads\/2023\/10\/5de9a658cc4a8.jpg","type":"image\/jpeg"}],"twitter_card":"summary_large_image","twitter_misc":{"Est. reading time":"2 Minuten"},"schema":{"@context":"https:\/\/schema.org","@graph":[{"@type":"WebPage","@id":"https:\/\/bfsm.eu\/termine\/wiener-versicherungstage\/","url":"https:\/\/bfsm.eu\/termine\/wiener-versicherungstage\/","name":"WIENER VERSICHERUNGSTAGE - BFSM","isPartOf":{"@id":"https:\/\/bfsm.eu\/#website"},"primaryImageOfPage":{"@id":"https:\/\/bfsm.eu\/termine\/wiener-versicherungstage\/#primaryimage"},"image":{"@id":"https:\/\/bfsm.eu\/termine\/wiener-versicherungstage\/#primaryimage"},"thumbnailUrl":"https:\/\/bfsm.eu\/wp-content\/uploads\/2023\/10\/5de9a658cc4a8.jpg","datePublished":"2025-04-15T10:20:07+00:00","dateModified":"2026-03-03T19:03:52+00:00","breadcrumb":{"@id":"https:\/\/bfsm.eu\/termine\/wiener-versicherungstage\/#breadcrumb"},"inLanguage":"de-AT","potentialAction":[{"@type":"ReadAction","target":["https:\/\/bfsm.eu\/termine\/wiener-versicherungstage\/"]}]},{"@type":"ImageObject","inLanguage":"de-AT","@id":"https:\/\/bfsm.eu\/termine\/wiener-versicherungstage\/#primaryimage","url":"https:\/\/bfsm.eu\/wp-content\/uploads\/2023\/10\/5de9a658cc4a8.jpg","contentUrl":"https:\/\/bfsm.eu\/wp-content\/uploads\/2023\/10\/5de9a658cc4a8.jpg","width":343,"height":343,"caption":"Home \u2013 BFSM"},{"@type":"BreadcrumbList","@id":"https:\/\/bfsm.eu\/termine\/wiener-versicherungstage\/#breadcrumb","itemListElement":[{"@type":"ListItem","position":1,"name":"Startseite","item":"https:\/\/bfsm.eu\/"},{"@type":"ListItem","position":2,"name":"WIENER VERSICHERUNGSTAGE"}]},{"@type":"WebSite","@id":"https:\/\/bfsm.eu\/#website","url":"https:\/\/bfsm.eu\/","name":"BFSM","description":"Schadenermittlung &amp; Berufsdetektei","publisher":{"@id":"https:\/\/bfsm.eu\/#organization"},"potentialAction":[{"@type":"SearchAction","target":{"@type":"EntryPoint","urlTemplate":"https:\/\/bfsm.eu\/?s={search_term_string}"},"query-input":{"@type":"PropertyValueSpecification","valueRequired":true,"valueName":"search_term_string"}}],"inLanguage":"de-AT"},{"@type":"Organization","@id":"https:\/\/bfsm.eu\/#organization","name":"BFSM","url":"https:\/\/bfsm.eu\/","logo":{"@type":"ImageObject","inLanguage":"de-AT","@id":"https:\/\/bfsm.eu\/#\/schema\/logo\/image\/","url":"https:\/\/bfsm.eu\/wp-content\/uploads\/2023\/09\/BFSM-Logo-NEU-1.png","contentUrl":"https:\/\/bfsm.eu\/wp-content\/uploads\/2023\/09\/BFSM-Logo-NEU-1.png","width":2048,"height":902,"caption":"BFSM"},"image":{"@id":"https:\/\/bfsm.eu\/#\/schema\/logo\/image\/"}}]}},"_links":{"self":[{"href":"https:\/\/bfsm.eu\/du\/wp-json\/wp\/v2\/termine\/3827","targetHints":{"allow":["GET"]}}],"collection":[{"href":"https:\/\/bfsm.eu\/du\/wp-json\/wp\/v2\/termine"}],"about":[{"href":"https:\/\/bfsm.eu\/du\/wp-json\/wp\/v2\/types\/termine"}],"version-history":[{"count":0,"href":"https:\/\/bfsm.eu\/du\/wp-json\/wp\/v2\/termine\/3827\/revisions"}],"wp:featuredmedia":[{"embeddable":true,"href":"https:\/\/bfsm.eu\/du\/wp-json\/wp\/v2\/media\/2238"}],"wp:attachment":[{"href":"https:\/\/bfsm.eu\/du\/wp-json\/wp\/v2\/media?parent=3827"}],"curies":[{"name":"wp","href":"https:\/\/api.w.org\/{rel}","templated":true}]}}